{"id":14530,"date":"2025-06-23T15:36:43","date_gmt":"2025-06-23T13:36:43","guid":{"rendered":"https:\/\/1-2-drive.de\/daty\/"},"modified":"2025-11-27T21:58:05","modified_gmt":"2025-11-27T20:58:05","slug":"daty","status":"publish","type":"page","link":"https:\/\/1-2-drive.de\/pl\/daty\/","title":{"rendered":"Daty"},"content":{"rendered":"\t\t<div data-elementor-type=\"wp-page\" data-elementor-id=\"14530\" class=\"elementor elementor-14530 elementor-10376\" data-elementor-post-type=\"page\">\n\t\t\t\t<div class=\"elementor-element elementor-element-084f9ce e-con-full e-flex e-con e-parent\" data-id=\"084f9ce\" data-element_type=\"container\" data-e-type=\"container\" id=\"content\" data-settings=\"{&quot;background_background&quot;:&quot;classic&quot;,&quot;shape_divider_bottom&quot;:&quot;mountains&quot;}\">\n\t\t\t\t<div class=\"elementor-shape elementor-shape-bottom\" aria-hidden=\"true\" data-negative=\"false\">\n\t\t\t<svg xmlns=\"http:\/\/www.w3.org\/2000\/svg\" viewBox=\"0 0 1000 100\" preserveAspectRatio=\"none\">\n\t<path class=\"elementor-shape-fill\" opacity=\"0.33\" d=\"M473,67.3c-203.9,88.3-263.1-34-320.3,0C66,119.1,0,59.7,0,59.7V0h1000v59.7 c0,0-62.1,26.1-94.9,29.3c-32.8,3.3-62.8-12.3-75.8-22.1C806,49.6,745.3,8.7,694.9,4.7S492.4,59,473,67.3z\"\/>\n\t<path class=\"elementor-shape-fill\" opacity=\"0.66\" d=\"M734,67.3c-45.5,0-77.2-23.2-129.1-39.1c-28.6-8.7-150.3-10.1-254,39.1 s-91.7-34.4-149.2,0C115.7,118.3,0,39.8,0,39.8V0h1000v36.5c0,0-28.2-18.5-92.1-18.5C810.2,18.1,775.7,67.3,734,67.3z\"\/>\n\t<path class=\"elementor-shape-fill\" d=\"M766.1,28.9c-200-57.5-266,65.5-395.1,19.5C242,1.8,242,5.4,184.8,20.6C128,35.8,132.3,44.9,89.9,52.5C28.6,63.7,0,0,0,0 h1000c0,0-9.9,40.9-83.6,48.1S829.6,47,766.1,28.9z\"\/>\n<\/svg>\t\t<\/div>\n\t\t<div class=\"elementor-element elementor-element-e0e1f1b e-con-full e-flex e-con e-child\" data-id=\"e0e1f1b\" data-element_type=\"container\" data-e-type=\"container\">\n\t\t\t\t<div class=\"elementor-element elementor-element-f0db603 elementor-widget-mobile__width-inherit elementor-headline--style-highlight elementor-widget elementor-widget-animated-headline\" data-id=\"f0db603\" data-element_type=\"widget\" data-e-type=\"widget\" data-settings=\"{&quot;marker&quot;:&quot;underline&quot;,&quot;highlighted_text&quot;:&quot;Daty!&quot;,&quot;headline_style&quot;:&quot;highlight&quot;,&quot;loop&quot;:&quot;yes&quot;,&quot;highlight_animation_duration&quot;:1200,&quot;highlight_iteration_delay&quot;:8000}\" data-widget_type=\"animated-headline.default\">\n\t\t\t\t<div class=\"elementor-widget-container\">\n\t\t\t\t\t\t\t<h2 class=\"elementor-headline\">\n\t\t\t\t\t<span class=\"elementor-headline-plain-text elementor-headline-text-wrapper\">Nasze nadchodz\u0105ce<\/span>\n\t\t\t\t<span class=\"elementor-headline-dynamic-wrapper elementor-headline-text-wrapper\">\n\t\t\t\t\t<span class=\"elementor-headline-dynamic-text elementor-headline-text-active\">Daty!<\/span>\n\t\t\t\t<\/span>\n\t\t\t\t<\/h2>\n\t\t\t\t\t\t<\/div>\n\t\t\t\t<\/div>\n\t\t\t\t<div class=\"elementor-element elementor-element-8ee79f3 elementor-widget__width-initial elementor-widget-mobile__width-inherit elementor-widget elementor-widget-heading\" data-id=\"8ee79f3\" data-element_type=\"widget\" data-e-type=\"widget\" data-widget_type=\"heading.default\">\n\t\t\t\t<div class=\"elementor-widget-container\">\n\t\t\t\t\t<h1 class=\"elementor-heading-title elementor-size-default\">Kalendarz spotka\u0144<\/h1>\t\t\t\t<\/div>\n\t\t\t\t<\/div>\n\t\t\t\t<\/div>\n\t\t\t\t<\/div>\n\t\t<div class=\"elementor-element elementor-element-53283c5 pad-l e-con-full e-flex e-con e-parent\" data-id=\"53283c5\" data-element_type=\"container\" data-e-type=\"container\" data-settings=\"{&quot;background_background&quot;:&quot;classic&quot;}\">\n\t\t\t\t<div class=\"elementor-element elementor-element-d7649ed elementor-widget-mobile_extra__width-initial elementor-widget elementor-widget-heading\" data-id=\"d7649ed\" data-element_type=\"widget\" data-e-type=\"widget\" data-widget_type=\"heading.default\">\n\t\t\t\t<div class=\"elementor-widget-container\">\n\t\t\t\t\t<span class=\"elementor-heading-title elementor-size-default\">Zaplanuj swoj\u0105 drog\u0119 do prawa jazdy ju\u017c teraz<\/span>\t\t\t\t<\/div>\n\t\t\t\t<\/div>\n\t\t\t\t<div class=\"elementor-element elementor-element-1d95fb3 elementor-widget__width-initial elementor-widget-laptop__width-initial elementor-widget-mobile_extra__width-initial elementor-widget-tablet_extra__width-initial elementor-widget-tablet__width-initial elementor-widget elementor-widget-heading\" data-id=\"1d95fb3\" data-element_type=\"widget\" data-e-type=\"widget\" data-widget_type=\"heading.default\">\n\t\t\t\t<div class=\"elementor-widget-container\">\n\t\t\t\t\t<h2 class=\"elementor-heading-title elementor-size-default\">Wszystkie daty kurs\u00f3w intensywnych w skr\u00f3cie<\/h2>\t\t\t\t<\/div>\n\t\t\t\t<\/div>\n\t\t\t\t<div class=\"elementor-element elementor-element-d926dc2 elementor-widget__width-initial elementor-widget elementor-widget-text-editor\" data-id=\"d926dc2\" data-element_type=\"widget\" data-e-type=\"widget\" data-widget_type=\"text-editor.default\">\n\t\t\t\t<div class=\"elementor-widget-container\">\n\t\t\t\t\t\t\t\t\t<p>Tutaj znajdziesz wszystkie daty naszych kurs\u00f3w intensywnych. Kalendarz jest stale aktualizowany o nowe daty. Nie mo\u017cesz znale\u017a\u0107 odpowiedniej daty? Po prostu skontaktuj si\u0119 z nami!   <\/p>\t\t\t\t\t\t\t\t<\/div>\n\t\t\t\t<\/div>\n\t\t\t\t<div class=\"elementor-element elementor-element-7ee88cf elementor-widget__width-initial elementor-widget elementor-widget-shortcode\" data-id=\"7ee88cf\" data-element_type=\"widget\" data-e-type=\"widget\" data-widget_type=\"shortcode.default\">\n\t\t\t\t<div class=\"elementor-widget-container\">\n\t\t\t\t\t\t\t<div class=\"elementor-shortcode\">\t\t<div class=\"wcs-timetable__wrapper\">\n\t\t\t<div class=\"wcs-vue\" id=\"wcs-app-2\"><\/div>\n\t\t<\/div>\n\t\t<\/div>\n\t\t\t\t\t\t<\/div>\n\t\t\t\t<\/div>\n\t\t\t\t<div class=\"elementor-element elementor-element-87ec57f elementor-widget__width-initial elementor-widget elementor-widget-html\" data-id=\"87ec57f\" data-element_type=\"widget\" data-e-type=\"widget\" data-widget_type=\"html.default\">\n\t\t\t\t<div class=\"elementor-widget-container\">\n\t\t\t\t\t<script>document.addEventListener(\"DOMContentLoaded\", function() {\r\n  document.querySelectorAll(\".wcs-class\").forEach(function(item) {\r\n    var timeEl = item.querySelector(\".wcs-class__time\");\r\n    if (timeEl && timeEl.textContent.includes(\"-\")) {\r\n      \/\/ Uhrzeit ausblenden\r\n      var timeDuration = item.querySelector(\".wcs-class__time-duration\");\r\n      if (timeDuration) {\r\n        timeDuration.style.display = \"none\";\r\n      }\r\n\r\n      \/\/ Enddatum + Bindestrich entfernen\r\n      var flexEl = timeEl.querySelector(\".wcs-class__inner-flex\");\r\n      if (flexEl) {\r\n        var children = Array.from(flexEl.childNodes);\r\n        var dashIndex = children.findIndex(node => node.nodeType === Node.TEXT_NODE && node.textContent.trim() === \"-\");\r\n\r\n        if (dashIndex !== -1) {\r\n          while (flexEl.childNodes.length > dashIndex) {\r\n            flexEl.removeChild(flexEl.childNodes[dashIndex]);\r\n          }\r\n        }\r\n      }\r\n    }\r\n  });\r\n});\r\n<\/script>\t\t\t\t<\/div>\n\t\t\t\t<\/div>\n\t\t\t\t<\/div>\n\t\t\t\t<\/div>\n\t\t","protected":false},"excerpt":{"rendered":"<p>Tutaj mo\u017cna znale\u017a\u0107 najbli\u017csze terminy intensywnych kurs\u00f3w w naszej szkole jazdy w Krefeld &amp; Meerbusch: dla samochod\u00f3w osobowych, motocykli, ci\u0119\u017car\u00f3wek, autobus\u00f3w i przyczep.<\/p>\n","protected":false},"author":1,"featured_media":14500,"parent":0,"menu_order":14,"comment_status":"closed","ping_status":"closed","template":"elementor_header_footer","meta":{"_acf_changed":false,"inline_featured_image":false,"footnotes":""},"categories":[34,13],"tags":[],"class_list":["post-14530","page","type-page","status-publish","has-post-thumbnail","hentry","category-bez-kategorii","category-fuehrerschein"],"acf":[],"yoast_head":"<!-- This site is optimized with the Yoast SEO plugin v27.4 - https:\/\/yoast.com\/product\/yoast-seo-wordpress\/ -->\n<title>Kalendarz spotka\u0144 | 1-2-drive by Mobility driving schools<\/title>\n<meta name=\"description\" content=\"Najbli\u017csze terminy intensywnych kurs\u00f3w w naszej szkole jazdy w Krefeld &amp; Meerbusch: samoch\u00f3d, motocykl, ci\u0119\u017car\u00f3wka, autobus i przyczepa\" \/>\n<meta name=\"robots\" content=\"index, follow, max-snippet:-1, max-image-preview:large, max-video-preview:-1\" \/>\n<link rel=\"canonical\" href=\"https:\/\/1-2-drive.de\/pl\/daty\/\" \/>\n<meta property=\"og:locale\" content=\"pl_PL\" \/>\n<meta property=\"og:type\" content=\"article\" \/>\n<meta property=\"og:title\" content=\"Kalendarz spotka\u0144 | 1-2-drive by Mobility driving schools\" \/>\n<meta property=\"og:description\" content=\"Najbli\u017csze terminy intensywnych kurs\u00f3w w naszej szkole jazdy w Krefeld &amp; Meerbusch: samoch\u00f3d, motocykl, ci\u0119\u017car\u00f3wka, autobus i przyczepa\" \/>\n<meta property=\"og:url\" content=\"https:\/\/1-2-drive.de\/pl\/daty\/\" \/>\n<meta property=\"og:site_name\" content=\"1-2-drive\" \/>\n<meta property=\"article:publisher\" content=\"https:\/\/www.facebook.com\/mobility.fahrschulen\" \/>\n<meta property=\"article:modified_time\" content=\"2025-11-27T20:58:05+00:00\" \/>\n<meta property=\"og:image\" content=\"https:\/\/1-2-drive.de\/wp-content\/uploads\/Termine-Intensivkurse-Fahrschule-Krefeld-Meerbusch.jpg\" \/>\n<meta name=\"twitter:card\" content=\"summary_large_image\" \/>\n<meta name=\"twitter:label1\" content=\"Szacowany czas czytania\" \/>\n\t<meta name=\"twitter:data1\" content=\"1 minuta\" \/>\n<script type=\"application\/ld+json\" class=\"yoast-schema-graph\">{\"@context\":\"https:\\\/\\\/schema.org\",\"@graph\":[{\"@type\":\"WebPage\",\"@id\":\"https:\\\/\\\/1-2-drive.de\\\/pl\\\/daty\\\/\",\"url\":\"https:\\\/\\\/1-2-drive.de\\\/pl\\\/daty\\\/\",\"name\":\"Kalendarz spotka\u0144 | 1-2-drive by Mobility driving schools\",\"isPartOf\":{\"@id\":\"https:\\\/\\\/1-2-drive.de\\\/pl\\\/#website\"},\"primaryImageOfPage\":{\"@id\":\"https:\\\/\\\/1-2-drive.de\\\/pl\\\/daty\\\/#primaryimage\"},\"image\":{\"@id\":\"https:\\\/\\\/1-2-drive.de\\\/pl\\\/daty\\\/#primaryimage\"},\"thumbnailUrl\":\"https:\\\/\\\/1-2-drive.de\\\/wp-content\\\/uploads\\\/Terminkalender_Beitrag-1.jpg\",\"datePublished\":\"2025-06-23T13:36:43+00:00\",\"dateModified\":\"2025-11-27T20:58:05+00:00\",\"description\":\"Najbli\u017csze terminy intensywnych kurs\u00f3w w naszej szkole jazdy w Krefeld & Meerbusch: samoch\u00f3d, motocykl, ci\u0119\u017car\u00f3wka, autobus i przyczepa\",\"breadcrumb\":{\"@id\":\"https:\\\/\\\/1-2-drive.de\\\/pl\\\/daty\\\/#breadcrumb\"},\"inLanguage\":\"pl-PL\",\"potentialAction\":[{\"@type\":\"ReadAction\",\"target\":[\"https:\\\/\\\/1-2-drive.de\\\/pl\\\/daty\\\/\"]}]},{\"@type\":\"ImageObject\",\"inLanguage\":\"pl-PL\",\"@id\":\"https:\\\/\\\/1-2-drive.de\\\/pl\\\/daty\\\/#primaryimage\",\"url\":\"https:\\\/\\\/1-2-drive.de\\\/wp-content\\\/uploads\\\/Terminkalender_Beitrag-1.jpg\",\"contentUrl\":\"https:\\\/\\\/1-2-drive.de\\\/wp-content\\\/uploads\\\/Terminkalender_Beitrag-1.jpg\",\"width\":1000,\"height\":667,\"caption\":\"Terminy intensywnych kurs\u00f3w prawa jazdy Krefeld Meerbusch\"},{\"@type\":\"BreadcrumbList\",\"@id\":\"https:\\\/\\\/1-2-drive.de\\\/pl\\\/daty\\\/#breadcrumb\",\"itemListElement\":[{\"@type\":\"ListItem\",\"position\":1,\"name\":\"Startseite\",\"item\":\"https:\\\/\\\/1-2-drive.de\\\/pl\\\/\"},{\"@type\":\"ListItem\",\"position\":2,\"name\":\"Daty\"}]},{\"@type\":\"WebSite\",\"@id\":\"https:\\\/\\\/1-2-drive.de\\\/pl\\\/#website\",\"url\":\"https:\\\/\\\/1-2-drive.de\\\/pl\\\/\",\"name\":\"1-2-drive.de\",\"description\":\"Deine Intensivfahrschule in Krefeld &amp; Meerbusch\",\"publisher\":{\"@id\":\"https:\\\/\\\/1-2-drive.de\\\/pl\\\/#organization\"},\"alternateName\":\"Deine Intensivfahrschule\",\"potentialAction\":[{\"@type\":\"SearchAction\",\"target\":{\"@type\":\"EntryPoint\",\"urlTemplate\":\"https:\\\/\\\/1-2-drive.de\\\/pl\\\/?s={search_term_string}\"},\"query-input\":{\"@type\":\"PropertyValueSpecification\",\"valueRequired\":true,\"valueName\":\"search_term_string\"}}],\"inLanguage\":\"pl-PL\"},{\"@type\":\"Organization\",\"@id\":\"https:\\\/\\\/1-2-drive.de\\\/pl\\\/#organization\",\"name\":\"1-2-drive Intensivfahrschule\",\"alternateName\":\"Powered by Mobility Fahrschulen\",\"url\":\"https:\\\/\\\/1-2-drive.de\\\/pl\\\/\",\"logo\":{\"@type\":\"ImageObject\",\"inLanguage\":\"pl-PL\",\"@id\":\"https:\\\/\\\/1-2-drive.de\\\/pl\\\/#\\\/schema\\\/logo\\\/image\\\/\",\"url\":\"https:\\\/\\\/1-2-drive.de\\\/wp-content\\\/uploads\\\/12drive_Logo_RGB.svg\",\"contentUrl\":\"https:\\\/\\\/1-2-drive.de\\\/wp-content\\\/uploads\\\/12drive_Logo_RGB.svg\",\"width\":113,\"height\":39,\"caption\":\"1-2-drive Intensivfahrschule\"},\"image\":{\"@id\":\"https:\\\/\\\/1-2-drive.de\\\/pl\\\/#\\\/schema\\\/logo\\\/image\\\/\"},\"sameAs\":[\"https:\\\/\\\/www.facebook.com\\\/mobility.fahrschulen\",\"https:\\\/\\\/www.instagram.com\\\/mobility.fahrschulen\\\/\",\"https:\\\/\\\/www.youtube.com\\\/@MobilityFahrschulen\"]}]}<\/script>\n<!-- \/ Yoast SEO plugin. -->","yoast_head_json":{"title":"Kalendarz spotka\u0144 | 1-2-drive by Mobility driving schools","description":"Najbli\u017csze terminy intensywnych kurs\u00f3w w naszej szkole jazdy w Krefeld & Meerbusch: samoch\u00f3d, motocykl, ci\u0119\u017car\u00f3wka, autobus i przyczepa","robots":{"index":"index","follow":"follow","max-snippet":"max-snippet:-1","max-image-preview":"max-image-preview:large","max-video-preview":"max-video-preview:-1"},"canonical":"https:\/\/1-2-drive.de\/pl\/daty\/","og_locale":"pl_PL","og_type":"article","og_title":"Kalendarz spotka\u0144 | 1-2-drive by Mobility driving schools","og_description":"Najbli\u017csze terminy intensywnych kurs\u00f3w w naszej szkole jazdy w Krefeld & Meerbusch: samoch\u00f3d, motocykl, ci\u0119\u017car\u00f3wka, autobus i przyczepa","og_url":"https:\/\/1-2-drive.de\/pl\/daty\/","og_site_name":"1-2-drive","article_publisher":"https:\/\/www.facebook.com\/mobility.fahrschulen","article_modified_time":"2025-11-27T20:58:05+00:00","og_image":[{"url":"https:\/\/1-2-drive.de\/wp-content\/uploads\/Termine-Intensivkurse-Fahrschule-Krefeld-Meerbusch.jpg","type":"","width":"","height":""}],"twitter_card":"summary_large_image","twitter_misc":{"Szacowany czas czytania":"1 minuta"},"schema":{"@context":"https:\/\/schema.org","@graph":[{"@type":"WebPage","@id":"https:\/\/1-2-drive.de\/pl\/daty\/","url":"https:\/\/1-2-drive.de\/pl\/daty\/","name":"Kalendarz spotka\u0144 | 1-2-drive by Mobility driving schools","isPartOf":{"@id":"https:\/\/1-2-drive.de\/pl\/#website"},"primaryImageOfPage":{"@id":"https:\/\/1-2-drive.de\/pl\/daty\/#primaryimage"},"image":{"@id":"https:\/\/1-2-drive.de\/pl\/daty\/#primaryimage"},"thumbnailUrl":"https:\/\/1-2-drive.de\/wp-content\/uploads\/Terminkalender_Beitrag-1.jpg","datePublished":"2025-06-23T13:36:43+00:00","dateModified":"2025-11-27T20:58:05+00:00","description":"Najbli\u017csze terminy intensywnych kurs\u00f3w w naszej szkole jazdy w Krefeld & Meerbusch: samoch\u00f3d, motocykl, ci\u0119\u017car\u00f3wka, autobus i przyczepa","breadcrumb":{"@id":"https:\/\/1-2-drive.de\/pl\/daty\/#breadcrumb"},"inLanguage":"pl-PL","potentialAction":[{"@type":"ReadAction","target":["https:\/\/1-2-drive.de\/pl\/daty\/"]}]},{"@type":"ImageObject","inLanguage":"pl-PL","@id":"https:\/\/1-2-drive.de\/pl\/daty\/#primaryimage","url":"https:\/\/1-2-drive.de\/wp-content\/uploads\/Terminkalender_Beitrag-1.jpg","contentUrl":"https:\/\/1-2-drive.de\/wp-content\/uploads\/Terminkalender_Beitrag-1.jpg","width":1000,"height":667,"caption":"Terminy intensywnych kurs\u00f3w prawa jazdy Krefeld Meerbusch"},{"@type":"BreadcrumbList","@id":"https:\/\/1-2-drive.de\/pl\/daty\/#breadcrumb","itemListElement":[{"@type":"ListItem","position":1,"name":"Startseite","item":"https:\/\/1-2-drive.de\/pl\/"},{"@type":"ListItem","position":2,"name":"Daty"}]},{"@type":"WebSite","@id":"https:\/\/1-2-drive.de\/pl\/#website","url":"https:\/\/1-2-drive.de\/pl\/","name":"1-2-drive.de","description":"Deine Intensivfahrschule in Krefeld &amp; Meerbusch","publisher":{"@id":"https:\/\/1-2-drive.de\/pl\/#organization"},"alternateName":"Deine Intensivfahrschule","potentialAction":[{"@type":"SearchAction","target":{"@type":"EntryPoint","urlTemplate":"https:\/\/1-2-drive.de\/pl\/?s={search_term_string}"},"query-input":{"@type":"PropertyValueSpecification","valueRequired":true,"valueName":"search_term_string"}}],"inLanguage":"pl-PL"},{"@type":"Organization","@id":"https:\/\/1-2-drive.de\/pl\/#organization","name":"1-2-drive Intensivfahrschule","alternateName":"Powered by Mobility Fahrschulen","url":"https:\/\/1-2-drive.de\/pl\/","logo":{"@type":"ImageObject","inLanguage":"pl-PL","@id":"https:\/\/1-2-drive.de\/pl\/#\/schema\/logo\/image\/","url":"https:\/\/1-2-drive.de\/wp-content\/uploads\/12drive_Logo_RGB.svg","contentUrl":"https:\/\/1-2-drive.de\/wp-content\/uploads\/12drive_Logo_RGB.svg","width":113,"height":39,"caption":"1-2-drive Intensivfahrschule"},"image":{"@id":"https:\/\/1-2-drive.de\/pl\/#\/schema\/logo\/image\/"},"sameAs":["https:\/\/www.facebook.com\/mobility.fahrschulen","https:\/\/www.instagram.com\/mobility.fahrschulen\/","https:\/\/www.youtube.com\/@MobilityFahrschulen"]}]}},"_links":{"self":[{"href":"https:\/\/1-2-drive.de\/pl\/wp-json\/wp\/v2\/pages\/14530","targetHints":{"allow":["GET"]}}],"collection":[{"href":"https:\/\/1-2-drive.de\/pl\/wp-json\/wp\/v2\/pages"}],"about":[{"href":"https:\/\/1-2-drive.de\/pl\/wp-json\/wp\/v2\/types\/page"}],"author":[{"embeddable":true,"href":"https:\/\/1-2-drive.de\/pl\/wp-json\/wp\/v2\/users\/1"}],"replies":[{"embeddable":true,"href":"https:\/\/1-2-drive.de\/pl\/wp-json\/wp\/v2\/comments?post=14530"}],"version-history":[{"count":8,"href":"https:\/\/1-2-drive.de\/pl\/wp-json\/wp\/v2\/pages\/14530\/revisions"}],"predecessor-version":[{"id":17417,"href":"https:\/\/1-2-drive.de\/pl\/wp-json\/wp\/v2\/pages\/14530\/revisions\/17417"}],"wp:featuredmedia":[{"embeddable":true,"href":"https:\/\/1-2-drive.de\/pl\/wp-json\/wp\/v2\/media\/14500"}],"wp:attachment":[{"href":"https:\/\/1-2-drive.de\/pl\/wp-json\/wp\/v2\/media?parent=14530"}],"wp:term":[{"taxonomy":"category","embeddable":true,"href":"https:\/\/1-2-drive.de\/pl\/wp-json\/wp\/v2\/categories?post=14530"},{"taxonomy":"post_tag","embeddable":true,"href":"https:\/\/1-2-drive.de\/pl\/wp-json\/wp\/v2\/tags?post=14530"}],"curies":[{"name":"wp","href":"https:\/\/api.w.org\/{rel}","templated":true}]}}